{"id":26,"date":"2026-09-02T11:50:00","date_gmt":"2026-09-02T11:50:00","guid":{"rendered":"https:\/\/wp.argellyes.fr\/?page_id=26"},"modified":"2026-09-03T15:24:59","modified_gmt":"2026-09-03T15:24:59","slug":"nos-actions","status":"publish","type":"page","link":"https:\/\/wp.argellyes.fr\/index.php\/nos-actions\/","title":{"rendered":"Nos actions"},"content":{"rendered":"\n<p class=\"wp-block-paragraph\">Retrouvez ici les actions et \u00e9v\u00e9nements d\u00e9j\u00e0 organis\u00e9s par Argell\u2019Yes. Cette page permet de garder une trace de la vie de l\u2019association, de partager quelques souvenirs et de montrer concr\u00e8tement les projets r\u00e9alis\u00e9s.<\/p>\n\n\n\n<h2 class=\"wp-block-heading\">Garrigue sous les \u00e9toiles<\/h2>\n\n\n\n<h3 class=\"wp-block-heading\"><strong>14 ao\u00fbt 2026 \u2013 Argelliers<\/strong><\/h3>\n\n\n\n<p class=\"wp-block-paragraph\">Pour cette premi\u00e8re randonn\u00e9e nocturne propos\u00e9e par Argell\u2019Yes, les participants ont parcouru la garrigue \u00e0 la tomb\u00e9e de la nuit avant de profiter du ciel \u00e9toil\u00e9 dans une ambiance conviviale.<\/p>\n\n\n\n<p class=\"wp-block-paragraph\">Une premi\u00e8re action qui a permis de r\u00e9unir pr\u00e8s de 40 habitants et curieux autour de la d\u00e9couverte du territoire et de la vo\u00fbte c\u00e9leste.<\/p>\n\n\n\n<hr class=\"wp-block-separator has-alpha-channel-opacity\"\/>\n","protected":false},"excerpt":{"rendered":"<p>Retrouvez ici les actions et \u00e9v\u00e9nements d\u00e9j\u00e0 organis\u00e9s par Argell\u2019Yes. Cette page permet de garder une trace de la vie de l\u2019association, de partager quelques souvenirs et de montrer concr\u00e8tement les projets r\u00e9alis\u00e9s. Garrigue sous les \u00e9toiles 14 ao\u00fbt 2026 \u2013 Argelliers Pour cette premi\u00e8re randonn\u00e9e nocturne propos\u00e9e par Argell\u2019Yes, les participants ont parcouru la [&hellip;]<\/p>\n","protected":false},"author":2,"featured_media":0,"parent":0,"menu_order":0,"comment_status":"closed","ping_status":"closed","template":"","meta":{"footnotes":""},"class_list":["post-26","page","type-page","status-publish","hentry"],"_links":{"self":[{"href":"https:\/\/wp.argellyes.fr\/index.php\/wp-json\/wp\/v2\/pages\/26","targetHints":{"allow":["GET"]}}],"collection":[{"href":"https:\/\/wp.argellyes.fr\/index.php\/wp-json\/wp\/v2\/pages"}],"about":[{"href":"https:\/\/wp.argellyes.fr\/index.php\/wp-json\/wp\/v2\/types\/page"}],"author":[{"embeddable":true,"href":"https:\/\/wp.argellyes.fr\/index.php\/wp-json\/wp\/v2\/users\/2"}],"replies":[{"embeddable":true,"href":"https:\/\/wp.argellyes.fr\/index.php\/wp-json\/wp\/v2\/comments?post=26"}],"version-history":[{"count":4,"href":"https:\/\/wp.argellyes.fr\/index.php\/wp-json\/wp\/v2\/pages\/26\/revisions"}],"predecessor-version":[{"id":125,"href":"https:\/\/wp.argellyes.fr\/index.php\/wp-json\/wp\/v2\/pages\/26\/revisions\/125"}],"wp:attachment":[{"href":"https:\/\/wp.argellyes.fr\/index.php\/wp-json\/wp\/v2\/media?parent=26"}],"curies":[{"name":"wp","href":"https:\/\/api.w.org\/{rel}","templated":true}]}}