{"id":17,"date":"2026-09-02T11:50:00","date_gmt":"2026-09-02T11:50:00","guid":{"rendered":"https:\/\/wp.argellyes.fr\/?page_id=17"},"modified":"2026-09-03T15:06:29","modified_gmt":"2026-09-03T15:06:29","slug":"lassociation","status":"publish","type":"page","link":"https:\/\/wp.argellyes.fr\/index.php\/lassociation\/","title":{"rendered":"L&rsquo;association"},"content":{"rendered":"\n<p class=\"wp-block-paragraph\">Argell\u2019Yes est une association locale qui souhaite cr\u00e9er des occasions de se rencontrer, de partager et de faire vivre Argelliers. Elle est ouverte \u00e0 toutes celles et ceux qui souhaitent participer \u00e0 la vie du village, proposer des id\u00e9es ou simplement prendre part aux activit\u00e9s.<\/p>\n\n\n\n<h2 class=\"wp-block-heading\">Notre projet<\/h2>\n\n\n\n<p class=\"wp-block-paragraph\">Nous voulons favoriser les rencontres entre habitants et faire \u00e9merger des initiatives conviviales, culturelles, scientifiques, ludiques ou de d\u00e9couverte du territoire.<\/p>\n\n\n\n<p class=\"wp-block-paragraph\">Argell\u2019Yes a vocation \u00e0 proposer des rendez-vous vari\u00e9s, mais aussi \u00e0 permettre aux habitants de devenir eux-m\u00eames acteurs des projets qu\u2019ils souhaitent voir na\u00eetre dans le village.<\/p>\n\n\n\n<h2 class=\"wp-block-heading\">Ce que nous faisons<\/h2>\n\n\n\n<p class=\"wp-block-paragraph\">Randonn\u00e9es et d\u00e9couvertes de la garrigue, soir\u00e9es autour des sciences, jeux, rencontres conviviales, \u00e9v\u00e9nements culturels ou initiatives propos\u00e9es par les habitants : les formats peuvent \u00eatre tr\u00e8s diff\u00e9rents.<\/p>\n\n\n\n<p class=\"wp-block-paragraph\">L\u2019id\u00e9e n\u2019est pas de construire un programme fig\u00e9, mais de faire vivre des projets en fonction des envies, des rencontres et des opportunit\u00e9s.<\/p>\n\n\n\n<h2 class=\"wp-block-heading\">Une association participative<\/h2>\n\n\n\n<p class=\"wp-block-paragraph\">Argell\u2019Yes fonctionne gr\u00e2ce \u00e0 l\u2019implication de ses membres et des habitants qui souhaitent donner un peu de temps, proposer une activit\u00e9, partager une comp\u00e9tence ou simplement aider ponctuellement.<\/p>\n\n\n\n<p class=\"wp-block-paragraph\">Il n\u2019est pas n\u00e9cessaire de s\u2019engager dans tout : chacun peut participer \u00e0 sa mani\u00e8re.<\/p>\n\n\n\n<div class=\"wp-block-buttons is-layout-flex wp-block-buttons-is-layout-flex\">\n<div class=\"wp-block-button\"><a class=\"wp-block-button__link wp-element-button\" href=\"https:\/\/wp.argellyes.fr\/index.php\/participer-adherer\/\">Participer \/ Adh\u00e9rer<\/a><\/div>\n<\/div>\n","protected":false},"excerpt":{"rendered":"<p>Argell\u2019Yes est une association locale qui souhaite cr\u00e9er des occasions de se rencontrer, de partager et de faire vivre Argelliers. Elle est ouverte \u00e0 toutes celles et ceux qui souhaitent participer \u00e0 la vie du village, proposer des id\u00e9es ou simplement prendre part aux activit\u00e9s. Notre projet Nous voulons favoriser les rencontres entre habitants et [&hellip;]<\/p>\n","protected":false},"author":2,"featured_media":0,"parent":0,"menu_order":0,"comment_status":"closed","ping_status":"closed","template":"","meta":{"footnotes":""},"class_list":["post-17","page","type-page","status-publish","hentry"],"_links":{"self":[{"href":"https:\/\/wp.argellyes.fr\/index.php\/wp-json\/wp\/v2\/pages\/17","targetHints":{"allow":["GET"]}}],"collection":[{"href":"https:\/\/wp.argellyes.fr\/index.php\/wp-json\/wp\/v2\/pages"}],"about":[{"href":"https:\/\/wp.argellyes.fr\/index.php\/wp-json\/wp\/v2\/types\/page"}],"author":[{"embeddable":true,"href":"https:\/\/wp.argellyes.fr\/index.php\/wp-json\/wp\/v2\/users\/2"}],"replies":[{"embeddable":true,"href":"https:\/\/wp.argellyes.fr\/index.php\/wp-json\/wp\/v2\/comments?post=17"}],"version-history":[{"count":3,"href":"https:\/\/wp.argellyes.fr\/index.php\/wp-json\/wp\/v2\/pages\/17\/revisions"}],"predecessor-version":[{"id":108,"href":"https:\/\/wp.argellyes.fr\/index.php\/wp-json\/wp\/v2\/pages\/17\/revisions\/108"}],"wp:attachment":[{"href":"https:\/\/wp.argellyes.fr\/index.php\/wp-json\/wp\/v2\/media?parent=17"}],"curies":[{"name":"wp","href":"https:\/\/api.w.org\/{rel}","templated":true}]}}